{"id":162,"date":"2020-04-22T16:47:15","date_gmt":"2020-04-22T14:47:15","guid":{"rendered":"http:\/\/diagnosticpartage.com\/?page_id=2"},"modified":"2020-11-25T18:57:26","modified_gmt":"2020-11-25T17:57:26","slug":"quest-ce-quun-diagnostic-partage","status":"publish","type":"page","link":"https:\/\/barometre.info\/","title":{"rendered":"Qu&rsquo;est ce qu&rsquo;un Barom\u00e8tre ?"},"content":{"rendered":"\n<div class=\"wp-block-columns alignfull has-background\" style=\"background-color:#ececec\">\n<div class=\"wp-block-column\" style=\"flex-basis:10%\"><\/div>\n\n\n\n<div class=\"wp-block-column\">\n<div class=\"wp-block-group\"><div class=\"wp-block-group__inner-container\">\n<p>Le <em>barom\u00e8tre<\/em> est un protocole collectif appliqu\u00e9 par une \u00e9quipe en d\u00e9but de r\u00e9union ou de projet pour se synchroniser. Ce protocole vise \u00e0 prendre des <strong>d\u00e9cisions ajust\u00e9es<\/strong> sur un sujet collectif en prenant le parti de chercher les informations cach\u00e9es dans les ressentis individuels. <\/p>\n\n\n\n<p>Le <strong>triple objectif du protocole <\/strong>peut se d\u00e9finir ainsi :<\/p>\n\n\n\n<div class=\"wp-block-columns has-3-columns\">\n<div class=\"wp-block-column\">\n<div class=\"wp-block-buttons aligncenter\">\n<div class=\"wp-block-button is-style-fill\"><a class=\"wp-block-button__link has-background\" style=\"border-radius:50px;background-color:#fa2f43\">1<\/a><\/div>\n<\/div>\n\n\n\n<h4 class=\"has-text-align-center has-dark-gray-color has-text-color\">Identifier et partager les ressentis<\/h4>\n<\/div>\n\n\n\n<div class=\"wp-block-column\">\n<div class=\"wp-block-buttons aligncenter\">\n<div class=\"wp-block-button is-style-fill\"><a class=\"wp-block-button__link has-background\" style=\"border-radius:50px;background-color:#fa2f43\">2<\/a><\/div>\n<\/div>\n\n\n\n<h4 class=\"has-text-align-center has-dark-gray-color has-text-color\">Aligner l&rsquo;\u00e9quipe sur ses enjeux clefs<\/h4>\n<\/div>\n\n\n\n<div class=\"wp-block-column\">\n<div class=\"wp-block-buttons aligncenter\">\n<div class=\"wp-block-button is-style-fill\"><a class=\"wp-block-button__link has-background\" style=\"border-radius:50px;background-color:#fa2f43\">3<\/a><\/div>\n<\/div>\n\n\n\n<h4 class=\"has-text-align-center has-dark-gray-color has-text-color\">Trouver des solutions cr\u00e9atives r\u00e9pondant \u00e0 ces enjeux<\/h4>\n<\/div>\n<\/div>\n\n\n\n<p>Le barom\u00e8tre permet \u00e0 une \u00e9quipe de se synchroniser car il aligne les actions, la r\u00e9flexion et les ressentis.<\/p>\n\n\n\n<p>Comme son nom l\u2019indique, un Barom\u00e8tre sert \u00e0 prendre la mesure de la pression. Initialement ce <a href=\"https:\/\/ecole.org\/fr\/seance\/1142-prendre-le-pouls-d-une-entreprise-hypertendue\">protocole fut invent\u00e9<\/a> pour mesurer la pression \u00e9motionnelle v\u00e9cue par une organisation. Par extension c&rsquo;est devenu une pratique permettant \u00e0 une \u00e9quipe de prendre la mesure d&rsquo;un sujet pr\u00e9cis parmi ses missions. En prenant la mesure une \u00e9quipe r\u00e9alise d&rsquo;abord pour elle-m\u00eame, l\u00e0 o\u00f9 elle en est sur un sujet pr\u00e9cis.<\/p>\n<\/div><\/div>\n<\/div>\n\n\n\n<div class=\"wp-block-column\" style=\"flex-basis:10%\"><\/div>\n<\/div>\n\n\n\n<h2>Comment cela se d\u00e9roule ?<\/h2>\n\n\n\n<p>Ce protocole tr\u00e8s simple se d\u00e9roule en <strong>5 \u00e9tapes<\/strong>, que ce soit <strong>On-Line<\/strong> ou <strong>en pr\u00e9sentiel<\/strong>. <\/p>\n\n\n\n<div class=\"wp-block-columns has-5-columns\">\n<div class=\"wp-block-column\">\n<div class=\"wp-block-group\"><div class=\"wp-block-group__inner-container\">\n<div class=\"wp-block-group\"><div class=\"wp-block-group__inner-container\">\n<div class=\"wp-block-group\"><div class=\"wp-block-group__inner-container\">\n<div class=\"wp-block-image\"><figure class=\"alignleft size-thumbnail is-resized\"><img loading=\"lazy\" src=\"https:\/\/barometre.info\/wp-content\/uploads\/2020\/07\/etape1-1-150x150.png\" alt=\"\" class=\"wp-image-454\" width=\"150\" height=\"150\" srcset=\"https:\/\/barometre.info\/wp-content\/uploads\/2020\/07\/etape1-1-150x150.png 150w, https:\/\/barometre.info\/wp-content\/uploads\/2020\/07\/etape1-1.png 200w\" sizes=\"(max-width: 150px) 100vw, 150px\" \/><\/figure><\/div>\n\n\n\n<p class=\"has-text-align-center has-normal-font-size\"><strong>\u00c9TAPE 1 <\/strong><br>Pr\u00e9ciser la question<br><\/p>\n<\/div><\/div>\n<\/div><\/div>\n<\/div><\/div>\n<\/div>\n\n\n\n<div class=\"wp-block-column\">\n<div class=\"wp-block-group\"><div class=\"wp-block-group__inner-container\">\n<div class=\"wp-block-image\"><figure class=\"alignleft size-large is-resized\"><img loading=\"lazy\" src=\"http:\/\/barometre.info\/wp-content\/uploads\/2020\/07\/etape2-2.png\" alt=\"\" class=\"wp-image-629\" width=\"150\" height=\"150\" srcset=\"https:\/\/barometre.info\/wp-content\/uploads\/2020\/07\/etape2-2.png 200w, https:\/\/barometre.info\/wp-content\/uploads\/2020\/07\/etape2-2-150x150.png 150w\" sizes=\"(max-width: 150px) 100vw, 150px\" \/><\/figure><\/div>\n\n\n\n<p class=\"has-text-align-center has-normal-font-size\"><strong>\u00c9<strong>TAPE<\/strong><\/strong> <strong>2 <\/strong><br>Codage des ressentis<\/p>\n<\/div><\/div>\n<\/div>\n\n\n\n<div class=\"wp-block-column\">\n<div class=\"wp-block-group\"><div class=\"wp-block-group__inner-container\">\n<div class=\"wp-block-image\"><figure class=\"alignleft size-large is-resized\"><img loading=\"lazy\" src=\"https:\/\/www.barometre.info\/wp-content\/uploads\/2020\/07\/etape3.png\" alt=\"\" class=\"wp-image-456\" width=\"150\" height=\"150\" srcset=\"https:\/\/barometre.info\/wp-content\/uploads\/2020\/07\/etape3.png 200w, https:\/\/barometre.info\/wp-content\/uploads\/2020\/07\/etape3-150x150.png 150w\" sizes=\"(max-width: 150px) 100vw, 150px\" \/><\/figure><\/div>\n\n\n\n<p class=\"has-text-align-center has-normal-font-size\"><strong>\u00c9<strong>TAPE<\/strong> 3 <\/strong><br>Expression et \u00e9coutes attentives<\/p>\n<\/div><\/div>\n<\/div>\n\n\n\n<div class=\"wp-block-column\">\n<div class=\"wp-block-group\"><div class=\"wp-block-group__inner-container\">\n<div class=\"wp-block-image\"><figure class=\"alignleft size-large is-resized\"><img loading=\"lazy\" src=\"https:\/\/www.barometre.info\/wp-content\/uploads\/2020\/07\/etape4.png\" alt=\"\" class=\"wp-image-457\" width=\"150\" height=\"150\" srcset=\"https:\/\/barometre.info\/wp-content\/uploads\/2020\/07\/etape4.png 200w, https:\/\/barometre.info\/wp-content\/uploads\/2020\/07\/etape4-150x150.png 150w\" sizes=\"(max-width: 150px) 100vw, 150px\" \/><\/figure><\/div>\n\n\n\n<p class=\"has-text-align-center has-normal-font-size\"><strong>\u00c9<strong>TAPE<\/strong> 4 <\/strong><br>Analyse non interpr\u00e9tative<\/p>\n<\/div><\/div>\n<\/div>\n\n\n\n<div class=\"wp-block-column\">\n<div class=\"wp-block-group\"><div class=\"wp-block-group__inner-container\">\n<div class=\"wp-block-image\"><figure class=\"alignleft size-large is-resized\"><img loading=\"lazy\" src=\"https:\/\/www.barometre.info\/wp-content\/uploads\/2020\/07\/etape5-1.png\" alt=\"\" class=\"wp-image-458\" width=\"150\" height=\"150\" srcset=\"https:\/\/barometre.info\/wp-content\/uploads\/2020\/07\/etape5-1.png 200w, https:\/\/barometre.info\/wp-content\/uploads\/2020\/07\/etape5-1-150x150.png 150w\" sizes=\"(max-width: 150px) 100vw, 150px\" \/><\/figure><\/div>\n\n\n\n<p class=\"has-text-align-center has-normal-font-size\"><strong>\u00c9<strong>TAPE<\/strong> 5 <\/strong><br>Conclusions pratiques<\/p>\n<\/div><\/div>\n<\/div>\n<\/div>\n\n\n\n<p>Ces \u00e9tapes se d\u00e9ploient typiquement sur <strong>30 \u00e0 45 minutes <\/strong>pour <strong>une \u00e9quipe de 3 \u00e0 8 personnes<\/strong>, parfois jusqu&rsquo;\u00e0 1h15 pour les grandes \u00e9quipes (jusqu&rsquo;\u00e0 20 personnes) ou les occasions importantes (lancement de projet, s\u00e9minaire annuel). <br>Chacune de ces \u00e9tapes est importante pour l&rsquo;atteinte des objectifs du protocole. <\/p>\n\n\n\n<p><em>Les clefs de succ\u00e8s r\u00e9sident dans l&rsquo;animation du protocole lui-m\u00eame. La mani\u00e8re d&rsquo;animer permet \u00e0 chacun de se sentir en s\u00e9curit\u00e9 et donc d&rsquo;exprimer ces ressentis de mani\u00e8re libre et simple. Alors \u00e9mergeront, de la juxtaposition sans d\u00e9bat des diff\u00e9rents ressentis, les informations pertinentes pour l&rsquo;\u00e9quipe. <\/em><\/p>\n\n\n\n<div class=\"wp-block-button aligncenter is-style-default\"><a class=\"wp-block-button__link has-background\" href=\"http:\/\/baromej.cluster028.hosting.ovh.net\/index.php\/details-du-protocole\/\" style=\"border-radius:30px;background-color:#fa2f43\">En savoir plus<\/a><\/div>\n\n\n\n<hr class=\"wp-block-separator has-text-color has-background has-white-background-color has-white-color is-style-wide\"\/>\n\n\n\n<h2>Coder les ressentis, k\u00e9sako ?<\/h2>\n\n\n\n<p>Pour faciliter le partage des ressentis un barom\u00e8tre contourne la difficult\u00e9 de trouver les bons mots pour s&rsquo;exprimer en proposant aux participants d&rsquo;utiliser un code-couleur. Ce code, tr\u00e8s simple \u00e0 comprendre, comporte <strong>4 couleurs<\/strong> qui permettent de d\u00e9crire l&rsquo;intensit\u00e9 des ressentis, d&rsquo;<strong>inconditionnellement positif (Vert)<\/strong> \u00e0 <strong>profond\u00e9ment bloquant (rouge).<\/strong><\/p>\n\n\n\n<figure class=\"wp-block-image alignwide size-large\"><img loading=\"lazy\" width=\"1024\" height=\"291\" src=\"https:\/\/www.barometre.info\/wp-content\/uploads\/2020\/07\/barometre_couleurs-1-1024x291.png\" alt=\"\" class=\"wp-image-437\" srcset=\"https:\/\/barometre.info\/wp-content\/uploads\/2020\/07\/barometre_couleurs-1-1024x291.png 1024w, https:\/\/barometre.info\/wp-content\/uploads\/2020\/07\/barometre_couleurs-1-300x85.png 300w, https:\/\/barometre.info\/wp-content\/uploads\/2020\/07\/barometre_couleurs-1-768x218.png 768w, https:\/\/barometre.info\/wp-content\/uploads\/2020\/07\/barometre_couleurs-1.png 1200w\" sizes=\"(max-width: 1024px) 100vw, 1024px\" \/><\/figure>\n\n\n\n<hr class=\"wp-block-separator has-text-color has-background has-white-background-color has-white-color is-style-wide\"\/>\n\n\n\n<h2>Qu&rsquo;est-ce qu&rsquo;une \u00e9quipe gagne \u00e0 investir 45&prime; dans un barom\u00e8tre ?<\/h2>\n\n\n\n<p>Tr\u00e8s naturellement ce protocole am\u00e8ne les \u00e9quipes qui le pratiquent \u00e0 s&rsquo;aligner et \u00e0 se rapprocher (am\u00e9liorer la coh\u00e9sion) par une meilleure compr\u00e9hension mutuelle du fait qu&rsquo;ils partagent leurs ressentis.<\/p>\n\n\n\n<blockquote class=\"wp-block-quote\"><p><em>\u00ab\u00a0la rationalit\u00e9 peut prendre le dessus pour cacher le fond du probl\u00e8me\u00a0\u00bb<\/em><\/p><\/blockquote>\n\n\n\n<p>Mais les b\u00e9n\u00e9fices vont bien au del\u00e0 de la coh\u00e9sion, sinon bien des \u00e9quipes op\u00e9rationnelles ne le pratiqueraient plus. Un de nos clients qui utilise r\u00e9guli\u00e8rement le protocole r\u00e9sume l&rsquo;int\u00e9r\u00eat que toutes les \u00e9quipes y trouvent, surtout celles pour qui le partage des ressentis appara\u00eet comme du temps perdu : <\/p>\n\n\n\n<blockquote class=\"wp-block-quote is-style-default\"><p>\u00ab\u00a0<em> Il y a eu des moments extr\u00eamement important en utilisant ce petit outil  simple : lorsqu&rsquo;on respecte le protocole et qu&rsquo;on d\u00e9couvre alors qu&rsquo;on a une vision commune. Ou qu&rsquo;elle est diff\u00e9rente mais  qu&rsquo;on peut en  parler avec efficacit\u00e9.\u00a0\u00bb<\/em><\/p><cite>Bernard G., Dirigeant<\/cite><\/blockquote>\n\n\n\n<hr class=\"wp-block-separator has-text-color has-background has-white-background-color has-white-color is-style-wide\"\/>\n\n\n\n<h2>Qui le pratique ?<\/h2>\n\n\n\n<figure class=\"wp-block-image alignwide size-large\"><img src=\"blob:https:\/\/barometre.info\/a9b18848-0616-c844-a75f-4e030c853cca\" alt=\"\" class=\"wp-image-439\"\/><\/figure>\n\n\n\n<p>Que ce soit On-Line ou en r\u00e9el des centaines d&rsquo;\u00e9quipes l&rsquo;ont pratiqu\u00e9, dans tous les contextes professionnels (Entreprise, associations, agence d&rsquo;\u00e9tat, gouvernance complexe, \u00e9quipe projet&#8230;).<\/p>\n\n\n\n<hr class=\"wp-block-separator has-text-color has-background has-white-background-color has-white-color is-style-wide\"\/>\n\n\n\n<h2>En savoir plus<\/h2>\n\n\n\n<p>Alors comment faire&nbsp;? Si vous souhaitez vous lancer, n&rsquo;h\u00e9sitez pas, ce protocole est simple mais demande de la pratique.  Plus on exp\u00e9rimente le barom\u00e8tre, plus il est puissant, il y a une vraie croissance personnelle \u00e0 l&rsquo;animer <\/p>\n\n\n\n<p>Pour pratiquer plusieurs <strong>possibilit\u00e9s<\/strong>&nbsp;:<\/p>\n\n\n\n<div class=\"wp-block-columns has-2-columns\">\n<div class=\"wp-block-column\">\n<div class=\"wp-block-group has-background\" style=\"background-color:#ececec\"><div class=\"wp-block-group__inner-container\">\n<h3 class=\"has-text-align-center\">D\u00e9tails du protocole<\/h3>\n\n\n\n<p>Le protocole du barom\u00e8tre est extr\u00eamement simple, ce qui fait sa puissance. Revers de la m\u00e9daille de cette simplicit\u00e9, il se r\u00e9v\u00e8le plein de surprise lorsqu\u2019on cherche \u00e0 l\u2019animer. Pour favoriser son d\u00e9veloppement nous avons choisi de r\u00e9sumer nos apprentissages dans un guide d\u2019animation d\u00e9taill\u00e9 on-line suivant<\/p>\n\n\n\n<div class=\"wp-block-buttons aligncenter\">\n<div class=\"wp-block-button\"><a class=\"wp-block-button__link has-background\" href=\"https:\/\/barometre.info\/index.php\/details-du-protocole\/\" style=\"border-radius:30px;background-color:#fa2f43\">En savoir plus<\/a><\/div>\n<\/div>\n<\/div><\/div>\n<\/div>\n\n\n\n<div class=\"wp-block-column\">\n<div class=\"wp-block-group has-background\" style=\"background-color:#ececec\"><div class=\"wp-block-group__inner-container\">\n<h3 class=\"has-text-align-center\">Formation on-line<\/h3>\n\n\n\n<p>Pour se familiariser avec le protocole, rien de tel que de le vivre. R\u00e9guli\u00e8rement nous animons des s\u00e9quences d\u2019exp\u00e9rimentation on-line, le jeudi matin pendant 2h30. Ce sont des occasions pour pratiquer, partager, entrer plus en profondeur dans la compr\u00e9hension des dynamiques \u00e0 l\u2019\u0153uvre. Ceux qui le souhaitent peuvent, dans un second temps, venirco-animer en double commande. Les inscriptions sont disponibles ci-dessous<\/p>\n\n\n\n<div class=\"wp-block-buttons aligncenter\">\n<div class=\"wp-block-button\"><a class=\"wp-block-button__link has-background\" href=\"https:\/\/www.eventbrite.fr\/e\/billets-diagnostic-partage-animer-un-barometre-on-line-104439292736\" style=\"border-radius:30px;background-color:#fa2f43\" target=\"_blank\" rel=\"noreferrer noopener\">Inscrivez-vous<\/a><\/div>\n<\/div>\n<\/div><\/div>\n<\/div>\n<\/div>\n\n\n\n<hr class=\"wp-block-separator has-text-color has-background has-white-background-color has-white-color is-style-wide\"\/>\n\n\n\n<div class=\"wp-block-group\"><div class=\"wp-block-group__inner-container\"><\/div><\/div>\n\n\n\n<div class=\"wp-block-group\"><div class=\"wp-block-group__inner-container\">\n<h3 class=\"has-text-align-center\">POUR ALLER PLUS LOIN<\/h3>\n\n\n\n<div class=\"wp-block-columns has-2-columns\">\n<div class=\"wp-block-column\">\n<p class=\"has-text-align-center\">Le barom\u00e8tre peut s\u2019utiliser dans des analyses collectives beaucoup plus pouss\u00e9e afin de mener des diagnostics partag\u00e9s. Ces d\u00e9veloppements sont explicit\u00e9s sur notre site web d\u00e9di\u00e9. sur lequel vous pouvez t\u00e9l\u00e9charger notre livre blanc consacr\u00e9 aux diagnostics partag\u00e9s.<\/p>\n\n\n\n<div class=\"wp-block-button aligncenter is-style-default\"><a class=\"wp-block-button__link has-background\" href=\"https:\/\/diagnosticpartage.com\" style=\"border-radius:30px;background-color:#fa2f43\" target=\"_blank\" rel=\"noreferrer noopener\">En savoir plus<\/a><\/div>\n<\/div>\n\n\n\n<div class=\"wp-block-column\">\n<figure class=\"wp-block-image size-large\"><img loading=\"lazy\" width=\"400\" height=\"438\" src=\"http:\/\/baromej.cluster028.hosting.ovh.net\/wp-content\/uploads\/2020\/05\/livre-blanc_02-3.jpg\" alt=\"\" class=\"wp-image-120\" srcset=\"https:\/\/barometre.info\/wp-content\/uploads\/2020\/05\/livre-blanc_02-3.jpg 400w, https:\/\/barometre.info\/wp-content\/uploads\/2020\/05\/livre-blanc_02-3-274x300.jpg 274w\" sizes=\"(max-width: 400px) 100vw, 400px\" \/><\/figure>\n\n\n\n<p><\/p>\n<\/div>\n<\/div>\n<\/div><\/div>\n\n\n\n<figure class=\"wp-block-image alignwide size-full size-large\"><img loading=\"lazy\" width=\"1100\" height=\"116\" src=\"https:\/\/www.barometre.info\/wp-content\/uploads\/2020\/05\/VVV_mailing_17.jpg\" alt=\"\" class=\"wp-image-46\" srcset=\"https:\/\/barometre.info\/wp-content\/uploads\/2020\/05\/VVV_mailing_17.jpg 1100w, https:\/\/barometre.info\/wp-content\/uploads\/2020\/05\/VVV_mailing_17-300x32.jpg 300w, https:\/\/barometre.info\/wp-content\/uploads\/2020\/05\/VVV_mailing_17-768x81.jpg 768w, https:\/\/barometre.info\/wp-content\/uploads\/2020\/05\/VVV_mailing_17-1024x108.jpg 1024w\" sizes=\"(max-width: 1100px) 100vw, 1100px\" \/><\/figure>\n\n\n\n<p>Le barom\u00e8tre de&nbsp;<em><a href=\"https:\/\/www.laboetiepartners.fr\/\">La Bo\u00e9tie Partners<\/a>.<\/em><\/p>\n","protected":false},"excerpt":{"rendered":"<p>Comment cela se d\u00e9roule ? Ce protocole tr\u00e8s simple se d\u00e9roule en 5 \u00e9tapes, que ce soit On-Line ou en pr\u00e9sentiel. Ces \u00e9tapes se d\u00e9ploient typiquement sur 30 \u00e0 45 minutes pour une \u00e9quipe de 3 \u00e0 8 personnes, parfois jusqu&rsquo;\u00e0 1h15 pour les grandes \u00e9quipes (jusqu&rsquo;\u00e0 20 personnes) ou les occasions importantes (lancement de [&hellip;]<\/p>\n","protected":false},"author":3,"featured_media":0,"parent":0,"menu_order":0,"comment_status":"closed","ping_status":"closed","template":"","meta":[],"_links":{"self":[{"href":"https:\/\/barometre.info\/index.php\/wp-json\/wp\/v2\/pages\/162"}],"collection":[{"href":"https:\/\/barometre.info\/index.php\/wp-json\/wp\/v2\/pages"}],"about":[{"href":"https:\/\/barometre.info\/index.php\/wp-json\/wp\/v2\/types\/page"}],"author":[{"embeddable":true,"href":"https:\/\/barometre.info\/index.php\/wp-json\/wp\/v2\/users\/3"}],"replies":[{"embeddable":true,"href":"https:\/\/barometre.info\/index.php\/wp-json\/wp\/v2\/comments?post=162"}],"version-history":[{"count":96,"href":"https:\/\/barometre.info\/index.php\/wp-json\/wp\/v2\/pages\/162\/revisions"}],"predecessor-version":[{"id":707,"href":"https:\/\/barometre.info\/index.php\/wp-json\/wp\/v2\/pages\/162\/revisions\/707"}],"wp:attachment":[{"href":"https:\/\/barometre.info\/index.php\/wp-json\/wp\/v2\/media?parent=162"}],"curies":[{"name":"wp","href":"https:\/\/api.w.org\/{rel}","templated":true}]}}